{"id":962,"date":"2018-12-18T08:42:12","date_gmt":"2018-12-18T08:42:12","guid":{"rendered":"https:\/\/puruno.com\/rokka\/?page_id=962"},"modified":"2020-04-19T10:17:38","modified_gmt":"2020-04-19T10:17:38","slug":"artigos","status":"publish","type":"page","link":"https:\/\/villamontes.pt\/en\/artigos\/","title":{"rendered":"Articles"},"content":{"rendered":"<div class=\"wpb-content-wrapper\"><div><div data-vc-full-width=\"true\" data-vc-full-width-init=\"false\" class=\"vc_row wpb_row vc_row-fluid vc_custom_1585574120742 vc_row-o-content-middle vc_row-flex\" style=\"color:#ffffff;\" data-overlay-color=\"rgba(0,0,0,0.6)\" data-color=\"#ffffff\"  ><div data-rokka-parallax=\"1\" style=\"background-image: url(https:\/\/villamontes.pt\/wp-content\/uploads\/2020\/03\/rodrigo-goncalves-x6INOVsCyfY-unsplash.jpg)\" class=\"extended_bg rokka-parallax\"><div class=\"row-image-overlay\" style=\"background-color:rgba(0,0,0,0.6);\"><\/div><\/div><div class=\"wpb_column vc_column_container vc_col-md-12\"  ><div class=\"vc_column-inner\" ><div class=\"wpb_wrapper\"><div class=\"heading-with-separator text-center id_169ef1c9d100ef1983935218\"><div class=\"header-content\">\n\t\t\t<p class=\"h-subheading\"><\/p>\n\t\t\t<h1 class=\"heading  heading-decorator-1\" style=\"; letter-spacing: 0px; \">Articles<\/h1><\/div><\/div><div class=\"custom-styles\" data-styles=\".id_169ef1c9d100ef1983935218 .heading-decorator-1:before, .id_169ef1c9d100ef1983935218 .heading-decorator-1:after { border-color: }\"><\/div><\/div><\/div><\/div><\/div><div class=\"vc_row-full-width vc_clearfix\"><\/div><\/div><div><div data-vc-full-width=\"true\" data-vc-full-width-init=\"false\" data-vc-stretch-content=\"true\" class=\"vc_row wpb_row vc_row-fluid vc_row-no-padding\"  data-overlay-color=\"\" data-color=\"\"  ><div class=\"extended_bg\"><div class=\"row-image-overlay\"><\/div><\/div><div class=\"wpb_column vc_column_container vc_col-md-12\"  ><div class=\"vc_column-inner\" ><div class=\"wpb_wrapper\"><div class=\"content animate-text pagination-standard blog blog-grid rokka-3-col  show-gutter id_169ef1c9d10347712106305\" data-ppp=\"6\" data-cat=\" \" data-style=\"blog-grid\" data-show-img=\"1\"><div class=\"blog-post-content vc-blog-content\"><div class=\"blog-grid-wrapper\">\t<article id=\"post-4720\" class=\"post-grid post-with-img text-light post-4720 post type-post status-publish format-standard has-post-thumbnail hentry category-patrimonio-natural category-lazer category-religiao tag-arganil tag-coja tag-estrela tag-fajao tag-fraga-da-pena tag-natureza tag-paisagem-protegida tag-piodao tag-rio-alva tag-serra tag-serra-da-estrela tag-serra-do-acor tag-xisto\" style=\"background-image: url(https:\/\/villamontes.pt\/wp-content\/uploads\/2025\/12\/image.png)\">\t\t\n\t<div class=\"post-inner\">\n\t\t\t\t\t<div class=\"entry-meta\">\n\t\t\t\t<span class=\"posted-on\"><a href=\"https:\/\/villamontes.pt\/en\/aventura-natureza-serra\/\" rel=\"bookmark\"><time class=\"entry-date published\" datetime=\"2025-12-12T10:58:28+00:00\">December 12, 2025<\/time><\/a><\/span>\t\t\t<\/div>\n\t\t\t\t\n\t\t<header class=\"entry-header text-center\">\n\t\t\t<h2 class=\"entry-title h4\"><a href=\"https:\/\/villamontes.pt\/en\/aventura-natureza-serra\/\" rel=\"bookmark\">Aventura e Natureza nas Serras: Descubra os Tesouros Perto da Villa Mont\u00eas<\/a><\/h2>\t\t\t<div class=\"entry-meta-categories\">\n\t\t\t\t<span class=\"cat-links\"><a href=\"https:\/\/villamontes.pt\/en\/category\/patrimonio-natural\/\" rel=\"category tag\">Natural heritage<\/a>, <a href=\"https:\/\/villamontes.pt\/en\/category\/lazer\/\" rel=\"category tag\">Recreation and Leisure<\/a>, <a href=\"https:\/\/villamontes.pt\/en\/category\/religiao\/\" rel=\"category tag\">Religion<\/a><\/span>\t\t\t<\/div>\n\t\t<\/header>\n\t<\/div>\n\n\t<\/article>\n\t<article id=\"post-4510\" class=\"post-grid post-with-img text-light post-4510 post type-post status-publish format-standard has-post-thumbnail hentry category-noticias-novidades tag-cr7 tag-cristiano-ronaldo tag-fraga-da-pena tag-serra-do-acor\" style=\"background-image: url(https:\/\/villamontes.pt\/wp-content\/uploads\/2024\/04\/434202253_908239884390765_6351578051533691084_n-1024x768.jpg)\">\t\t\n\t<div class=\"post-inner\">\n\t\t\t\t\t<div class=\"entry-meta\">\n\t\t\t\t<span class=\"posted-on\"><a href=\"https:\/\/villamontes.pt\/en\/cr7-na-villa-montes-guesthouse\/\" rel=\"bookmark\"><time class=\"entry-date published\" datetime=\"2024-04-01T10:32:05+00:00\">April 1, 2024<\/time><\/a><\/span>\t\t\t<\/div>\n\t\t\t\t\n\t\t<header class=\"entry-header text-center\">\n\t\t\t<h2 class=\"entry-title h4\"><a href=\"https:\/\/villamontes.pt\/en\/cr7-na-villa-montes-guesthouse\/\" rel=\"bookmark\">\u00daLTIMA HORA: Cristiano Ronaldo Visita Secretamente a Villa Mont\u00eas Guesthouse e Fica Fascinado pela Cascata da Fraga da Pena!<\/a><\/h2>\t\t\t<div class=\"entry-meta-categories\">\n\t\t\t\t<span class=\"cat-links\"><a href=\"https:\/\/villamontes.pt\/en\/category\/noticias-novidades\/\" rel=\"category tag\">Not\u00edcias \/ Novidades<\/a><\/span>\t\t\t<\/div>\n\t\t<\/header>\n\t<\/div>\n\n\t<\/article>\n\t<article id=\"post-4418\" class=\"post-grid post-with-img text-light post-4418 post type-post status-publish format-standard has-post-thumbnail hentry category-patrimonio-cultural category-patrimonio-natural category-lazer tag-arganil tag-coja tag-piodao tag-rio-alva tag-serra tag-serra-do-acor tag-xisto\" style=\"background-image: url(https:\/\/villamontes.pt\/wp-content\/uploads\/2023\/12\/PKT_9970_1506002738.jpg)\">\t\t\n\t<div class=\"post-inner\">\n\t\t\t\t\t<div class=\"entry-meta\">\n\t\t\t\t<span class=\"posted-on\"><a href=\"https:\/\/villamontes.pt\/en\/inverno-villamontes\/\" rel=\"bookmark\"><time class=\"entry-date published\" datetime=\"2023-12-07T12:43:43+00:00\">December 7, 2023<\/time><\/a><\/span>\t\t\t<\/div>\n\t\t\t\t\n\t\t<header class=\"entry-header text-center\">\n\t\t\t<h2 class=\"entry-title h4\"><a href=\"https:\/\/villamontes.pt\/en\/inverno-villamontes\/\" rel=\"bookmark\">O Inverno na Villa Mont\u00eas Guesthouse: 6 Raz\u00f5es para uma Estadia Memor\u00e1vel<\/a><\/h2>\t\t\t<div class=\"entry-meta-categories\">\n\t\t\t\t<span class=\"cat-links\"><a href=\"https:\/\/villamontes.pt\/en\/category\/patrimonio-cultural\/\" rel=\"category tag\">Cultural heritage<\/a>, <a href=\"https:\/\/villamontes.pt\/en\/category\/patrimonio-natural\/\" rel=\"category tag\">Natural heritage<\/a>, <a href=\"https:\/\/villamontes.pt\/en\/category\/lazer\/\" rel=\"category tag\">Recreation and Leisure<\/a><\/span>\t\t\t<\/div>\n\t\t<\/header>\n\t<\/div>\n\n\t<\/article>\n\t<article id=\"post-4401\" class=\"post-grid post-with-img text-light post-4401 post type-post status-publish format-standard has-post-thumbnail hentry category-patrimonio-cultural category-patrimonio-natural category-lazer tag-arganil tag-coja-2 tag-interior tag-piodao tag-praia tag-praias-fluviais tag-serra-do-acor\" style=\"background-image: url(https:\/\/villamontes.pt\/wp-content\/uploads\/2023\/05\/Villa-Montes-160-1-1024x683.jpg)\">\t\t\n\t<div class=\"post-inner\">\n\t\t\t\t\t<div class=\"entry-meta\">\n\t\t\t\t<span class=\"posted-on\"><a href=\"https:\/\/villamontes.pt\/en\/descubra-a-villa-montes-guesthouse-o-destino-perfeito-para-suas-ferias-de-verao\/\" rel=\"bookmark\"><time class=\"entry-date published\" datetime=\"2023-05-30T15:07:13+00:00\">May 30, 2023<\/time><\/a><\/span>\t\t\t<\/div>\n\t\t\t\t\n\t\t<header class=\"entry-header text-center\">\n\t\t\t<h2 class=\"entry-title h4\"><a href=\"https:\/\/villamontes.pt\/en\/descubra-a-villa-montes-guesthouse-o-destino-perfeito-para-suas-ferias-de-verao\/\" rel=\"bookmark\">7 Raz\u00f5es para Escolher a Villa Mont\u00eas Guesthouse Durante Todo o Ano<\/a><\/h2>\t\t\t<div class=\"entry-meta-categories\">\n\t\t\t\t<span class=\"cat-links\"><a href=\"https:\/\/villamontes.pt\/en\/category\/patrimonio-cultural\/\" rel=\"category tag\">Cultural heritage<\/a>, <a href=\"https:\/\/villamontes.pt\/en\/category\/patrimonio-natural\/\" rel=\"category tag\">Natural heritage<\/a>, <a href=\"https:\/\/villamontes.pt\/en\/category\/lazer\/\" rel=\"category tag\">Recreation and Leisure<\/a><\/span>\t\t\t<\/div>\n\t\t<\/header>\n\t<\/div>\n\n\t<\/article>\n\t<article id=\"post-4371\" class=\"post-grid post-with-img text-light post-4371 post type-post status-publish format-standard has-post-thumbnail hentry category-historia category-patrimonio-cultural category-patrimonio-natural category-lazer category-religiao category-zonas-balneares tag-arganil tag-beira-serra tag-coja tag-serra tag-serra-da-estrela tag-villa-montes\" style=\"background-image: url(https:\/\/villamontes.pt\/wp-content\/uploads\/2023\/04\/1-coja-45-1920x900-1-1024x480.jpg)\">\t\t\n\t<div class=\"post-inner\">\n\t\t\t\t\t<div class=\"entry-meta\">\n\t\t\t\t<span class=\"posted-on\"><a href=\"https:\/\/villamontes.pt\/en\/5-razoes-para-visitar-coja\/\" rel=\"bookmark\"><time class=\"entry-date published\" datetime=\"2023-04-20T11:41:07+00:00\">April 20, 2023<\/time><\/a><\/span>\t\t\t<\/div>\n\t\t\t\t\n\t\t<header class=\"entry-header text-center\">\n\t\t\t<h2 class=\"entry-title h4\"><a href=\"https:\/\/villamontes.pt\/en\/5-razoes-para-visitar-coja\/\" rel=\"bookmark\">5 Raz\u00f5es para visitar C\u00f4ja<\/a><\/h2>\t\t\t<div class=\"entry-meta-categories\">\n\t\t\t\t<span class=\"cat-links\"><a href=\"https:\/\/villamontes.pt\/en\/category\/historia\/\" rel=\"category tag\">History<\/a>, <a href=\"https:\/\/villamontes.pt\/en\/category\/patrimonio-cultural\/\" rel=\"category tag\">Cultural heritage<\/a>, <a href=\"https:\/\/villamontes.pt\/en\/category\/patrimonio-natural\/\" rel=\"category tag\">Natural heritage<\/a>, <a href=\"https:\/\/villamontes.pt\/en\/category\/lazer\/\" rel=\"category tag\">Recreation and Leisure<\/a>, <a href=\"https:\/\/villamontes.pt\/en\/category\/religiao\/\" rel=\"category tag\">Religion<\/a>, <a href=\"https:\/\/villamontes.pt\/en\/category\/zonas-balneares\/\" rel=\"category tag\">Bathing Areas<\/a><\/span>\t\t\t<\/div>\n\t\t<\/header>\n\t<\/div>\n\n\t<\/article>\n\t<article id=\"post-4274\" class=\"post-grid post-with-img text-light post-4274 post type-post status-publish format-standard has-post-thumbnail hentry category-patrimonio-natural category-lazer tag-arganil tag-coja tag-fraga-da-pena tag-natureza tag-paisagem-protegida tag-piodao tag-rio-alva tag-serra tag-serra-do-acor tag-xisto\" style=\"background-image: url(https:\/\/villamontes.pt\/wp-content\/uploads\/2023\/01\/16320812332_8685e7ca09_b.jpg)\">\t\t\n\t<div class=\"post-inner\">\n\t\t\t\t\t<div class=\"entry-meta\">\n\t\t\t\t<span class=\"posted-on\"><a href=\"https:\/\/villamontes.pt\/en\/descubra-a-beleza-unica-da-serra-do-acor-no-inverno\/\" rel=\"bookmark\"><time class=\"entry-date published\" datetime=\"2023-01-11T11:07:56+00:00\">January 11, 2023<\/time><\/a><\/span>\t\t\t<\/div>\n\t\t\t\t\n\t\t<header class=\"entry-header text-center\">\n\t\t\t<h2 class=\"entry-title h4\"><a href=\"https:\/\/villamontes.pt\/en\/descubra-a-beleza-unica-da-serra-do-acor-no-inverno\/\" rel=\"bookmark\">Descubra a Beleza \u00danica da Serra do A\u00e7or no Inverno<\/a><\/h2>\t\t\t<div class=\"entry-meta-categories\">\n\t\t\t\t<span class=\"cat-links\"><a href=\"https:\/\/villamontes.pt\/en\/category\/patrimonio-natural\/\" rel=\"category tag\">Natural heritage<\/a>, <a href=\"https:\/\/villamontes.pt\/en\/category\/lazer\/\" rel=\"category tag\">Recreation and Leisure<\/a><\/span>\t\t\t<\/div>\n\t\t<\/header>\n\t<\/div>\n\n\t<\/article>\n<\/div><\/div><div class=\"nav-links\"><span aria-current=\"page\" class=\"page-numbers current\">1<\/span>\n<a class=\"page-numbers\" href=\"https:\/\/villamontes.pt\/en\/wp-json\/wp\/v2\/pages\/962\/page\/2\/\">2<\/a>\n<a class=\"page-numbers\" href=\"https:\/\/villamontes.pt\/en\/wp-json\/wp\/v2\/pages\/962\/page\/3\/\">3<\/a>\n<a class=\"next page-numbers\" href=\"https:\/\/villamontes.pt\/en\/wp-json\/wp\/v2\/pages\/962\/page\/2\/\"><div class=\"next-page arrow arrow-next\"><div class=\"arrow-icon\"><i class=\"fa fa-angle-right\"><\/i><\/div><\/div><\/a><\/div><\/div><div class=\"custom-styles\" data-styles=\".blog .post-grid .post-inner { background-color: ; color: } .blog .nav-links .page-numbers.current { background: }\"><\/div><\/div><\/div><\/div><\/div><div class=\"vc_row-full-width vc_clearfix\"><\/div><\/div>\n<\/div>","protected":false},"excerpt":{"rendered":"Cascata do Pi\u00f3d\u00e3o A Serra do A\u00e7or \u00e9 um lugar de beleza incompar\u00e1vel, especialmente durante o inverno. A serra \u00e9 conhecida pelas suas paisagens deslumbrantes, compostas por montanhas verdejantes, florestas densas, rios e ribeiras cristalinas. Durante o inverno, a Serra do A\u00e7or transforma-se num verdadeiro para\u00edso para os amantes da natureza, oferecendo a oportunidade de[...] <a href=\"https:\/\/villamontes.pt\/en\/descubra-a-beleza-unica-da-serra-do-acor-no-inverno\/\" class=\"more-link\">Continue reading<\/a>","protected":false},"author":1,"featured_media":0,"parent":0,"menu_order":0,"comment_status":"closed","ping_status":"closed","template":"","meta":{"footnotes":""},"class_list":["post-962","page","type-page","status-publish","hentry"],"yoast_head":"<!-- This site is optimized with the Yoast SEO plugin v26.6 - https:\/\/yoast.com\/wordpress\/plugins\/seo\/ -->\n<title>Artigos - Villa Mont\u00eas<\/title>\n<meta name=\"robots\" content=\"index, follow, max-snippet:-1, max-image-preview:large, max-video-preview:-1\" \/>\n<link rel=\"canonical\" href=\"https:\/\/villamontes.pt\/en\/artigos\/\" \/>\n<meta property=\"og:locale\" content=\"en_GB\" \/>\n<meta property=\"og:type\" content=\"article\" \/>\n<meta property=\"og:title\" content=\"Artigos - Villa Mont\u00eas\" \/>\n<meta property=\"og:url\" content=\"https:\/\/villamontes.pt\/en\/artigos\/\" \/>\n<meta property=\"og:site_name\" content=\"Villa Mont\u00eas\" \/>\n<meta property=\"article:publisher\" content=\"https:\/\/www.facebook.com\/villamontescoja\" \/>\n<meta property=\"article:modified_time\" content=\"2020-04-19T10:17:38+00:00\" \/>\n<meta name=\"twitter:card\" content=\"summary_large_image\" \/>\n<script type=\"application\/ld+json\" class=\"yoast-schema-graph\">{\"@context\":\"https:\/\/schema.org\",\"@graph\":[{\"@type\":\"WebPage\",\"@id\":\"https:\/\/villamontes.pt\/artigos\/\",\"url\":\"https:\/\/villamontes.pt\/artigos\/\",\"name\":\"Artigos - Villa Mont\u00eas\",\"isPartOf\":{\"@id\":\"https:\/\/villamontes.pt\/#website\"},\"datePublished\":\"2018-12-18T08:42:12+00:00\",\"dateModified\":\"2020-04-19T10:17:38+00:00\",\"breadcrumb\":{\"@id\":\"https:\/\/villamontes.pt\/artigos\/#breadcrumb\"},\"inLanguage\":\"en-GB\",\"potentialAction\":[{\"@type\":\"ReadAction\",\"target\":[\"https:\/\/villamontes.pt\/artigos\/\"]}]},{\"@type\":\"BreadcrumbList\",\"@id\":\"https:\/\/villamontes.pt\/artigos\/#breadcrumb\",\"itemListElement\":[{\"@type\":\"ListItem\",\"position\":1,\"name\":\"In\u00edcio\",\"item\":\"https:\/\/villamontes.pt\/\"},{\"@type\":\"ListItem\",\"position\":2,\"name\":\"Artigos\"}]},{\"@type\":\"WebSite\",\"@id\":\"https:\/\/villamontes.pt\/#website\",\"url\":\"https:\/\/villamontes.pt\/\",\"name\":\"Villa Mont\u00eas\",\"description\":\"Exclusive Apartaments &amp; Prime Location\",\"publisher\":{\"@id\":\"https:\/\/villamontes.pt\/#organization\"},\"potentialAction\":[{\"@type\":\"SearchAction\",\"target\":{\"@type\":\"EntryPoint\",\"urlTemplate\":\"https:\/\/villamontes.pt\/?s={search_term_string}\"},\"query-input\":{\"@type\":\"PropertyValueSpecification\",\"valueRequired\":true,\"valueName\":\"search_term_string\"}}],\"inLanguage\":\"en-GB\"},{\"@type\":\"Organization\",\"@id\":\"https:\/\/villamontes.pt\/#organization\",\"name\":\"Villa Mont\u00eas\",\"url\":\"https:\/\/villamontes.pt\/\",\"logo\":{\"@type\":\"ImageObject\",\"inLanguage\":\"en-GB\",\"@id\":\"https:\/\/villamontes.pt\/#\/schema\/logo\/image\/\",\"url\":\"https:\/\/villamontes.pt\/wp-content\/uploads\/2020\/12\/cabra-preta-transparent-vector.png\",\"contentUrl\":\"https:\/\/villamontes.pt\/wp-content\/uploads\/2020\/12\/cabra-preta-transparent-vector.png\",\"width\":844,\"height\":457,\"caption\":\"Villa Mont\u00eas\"},\"image\":{\"@id\":\"https:\/\/villamontes.pt\/#\/schema\/logo\/image\/\"},\"sameAs\":[\"https:\/\/www.facebook.com\/villamontescoja\",\"https:\/\/www.instagram.com\/villamontescoja\/\"]}]}<\/script>\n<!-- \/ Yoast SEO plugin. -->","yoast_head_json":{"title":"Artigos - Villa Mont\u00eas","robots":{"index":"index","follow":"follow","max-snippet":"max-snippet:-1","max-image-preview":"max-image-preview:large","max-video-preview":"max-video-preview:-1"},"canonical":"https:\/\/villamontes.pt\/en\/artigos\/","og_locale":"en_GB","og_type":"article","og_title":"Artigos - Villa Mont\u00eas","og_url":"https:\/\/villamontes.pt\/en\/artigos\/","og_site_name":"Villa Mont\u00eas","article_publisher":"https:\/\/www.facebook.com\/villamontescoja","article_modified_time":"2020-04-19T10:17:38+00:00","twitter_card":"summary_large_image","schema":{"@context":"https:\/\/schema.org","@graph":[{"@type":"WebPage","@id":"https:\/\/villamontes.pt\/artigos\/","url":"https:\/\/villamontes.pt\/artigos\/","name":"Artigos - Villa Mont\u00eas","isPartOf":{"@id":"https:\/\/villamontes.pt\/#website"},"datePublished":"2018-12-18T08:42:12+00:00","dateModified":"2020-04-19T10:17:38+00:00","breadcrumb":{"@id":"https:\/\/villamontes.pt\/artigos\/#breadcrumb"},"inLanguage":"en-GB","potentialAction":[{"@type":"ReadAction","target":["https:\/\/villamontes.pt\/artigos\/"]}]},{"@type":"BreadcrumbList","@id":"https:\/\/villamontes.pt\/artigos\/#breadcrumb","itemListElement":[{"@type":"ListItem","position":1,"name":"In\u00edcio","item":"https:\/\/villamontes.pt\/"},{"@type":"ListItem","position":2,"name":"Artigos"}]},{"@type":"WebSite","@id":"https:\/\/villamontes.pt\/#website","url":"https:\/\/villamontes.pt\/","name":"Villa Mont\u00eas","description":"Exclusive Apartaments &amp; Prime Location","publisher":{"@id":"https:\/\/villamontes.pt\/#organization"},"potentialAction":[{"@type":"SearchAction","target":{"@type":"EntryPoint","urlTemplate":"https:\/\/villamontes.pt\/?s={search_term_string}"},"query-input":{"@type":"PropertyValueSpecification","valueRequired":true,"valueName":"search_term_string"}}],"inLanguage":"en-GB"},{"@type":"Organization","@id":"https:\/\/villamontes.pt\/#organization","name":"Villa Mont\u00eas","url":"https:\/\/villamontes.pt\/","logo":{"@type":"ImageObject","inLanguage":"en-GB","@id":"https:\/\/villamontes.pt\/#\/schema\/logo\/image\/","url":"https:\/\/villamontes.pt\/wp-content\/uploads\/2020\/12\/cabra-preta-transparent-vector.png","contentUrl":"https:\/\/villamontes.pt\/wp-content\/uploads\/2020\/12\/cabra-preta-transparent-vector.png","width":844,"height":457,"caption":"Villa Mont\u00eas"},"image":{"@id":"https:\/\/villamontes.pt\/#\/schema\/logo\/image\/"},"sameAs":["https:\/\/www.facebook.com\/villamontescoja","https:\/\/www.instagram.com\/villamontescoja\/"]}]}},"_links":{"self":[{"href":"https:\/\/villamontes.pt\/en\/wp-json\/wp\/v2\/pages\/962","targetHints":{"allow":["GET"]}}],"collection":[{"href":"https:\/\/villamontes.pt\/en\/wp-json\/wp\/v2\/pages"}],"about":[{"href":"https:\/\/villamontes.pt\/en\/wp-json\/wp\/v2\/types\/page"}],"author":[{"embeddable":true,"href":"https:\/\/villamontes.pt\/en\/wp-json\/wp\/v2\/users\/1"}],"replies":[{"embeddable":true,"href":"https:\/\/villamontes.pt\/en\/wp-json\/wp\/v2\/comments?post=962"}],"version-history":[{"count":4,"href":"https:\/\/villamontes.pt\/en\/wp-json\/wp\/v2\/pages\/962\/revisions"}],"predecessor-version":[{"id":3057,"href":"https:\/\/villamontes.pt\/en\/wp-json\/wp\/v2\/pages\/962\/revisions\/3057"}],"wp:attachment":[{"href":"https:\/\/villamontes.pt\/en\/wp-json\/wp\/v2\/media?parent=962"}],"curies":[{"name":"wp","href":"https:\/\/api.w.org\/{rel}","templated":true}]}}